{"version":"1.0","provider_name":"Besuchen Sie Visegr\u00e1d \u2013 Entdecken Sie die Sch\u00e4tze von Visegr\u00e1d!","provider_url":"https:\/\/visitvisegrad.hu\/de","author_name":"visegrad.admin","author_url":"https:\/\/visitvisegrad.hu\/de\/author\/visegrad-admin\/","title":"Sz\u00fcreti mulats\u00e1g - Visit Visegr\u00e1d - Fedezd fel Visegr\u00e1d kincseit!","type":"rich","width":600,"height":338,"html":"<blockquote class=\"wp-embedded-content\" data-secret=\"W9Gpv4r3xC\"><a href=\"https:\/\/visitvisegrad.hu\/de\/program\/szureti-mulatsag\/\">Weinlesefest<\/a><\/blockquote><iframe sandbox=\"allow-scripts\" security=\"restricted\" src=\"https:\/\/visitvisegrad.hu\/de\/program\/szureti-mulatsag\/embed\/#?secret=W9Gpv4r3xC\" width=\"600\" height=\"338\" title=\"&#8222;Sz\u00fcreti mulats\u00e1g&#8220; &#8211; Visit Visegr\u00e1d - Fedezd fel Visegr\u00e1d kincseit!\" data-secret=\"W9Gpv4r3xC\" frameborder=\"0\" marginwidth=\"0\" marginheight=\"0\" scrolling=\"no\" class=\"wp-embedded-content\"><\/iframe><script>\n\/*! This file is auto-generated *\/\n!function(d,l){\"use strict\";l.querySelector&&d.addEventListener&&\"undefined\"!=typeof URL&&(d.wp=d.wp||{},d.wp.receiveEmbedMessage||(d.wp.receiveEmbedMessage=function(e){var t=e.data;if((t||t.secret||t.message||t.value)&&!\/[^a-zA-Z0-9]\/.test(t.secret)){for(var s,r,n,a=l.querySelectorAll('iframe[data-secret=\"'+t.secret+'\"]'),o=l.querySelectorAll('blockquote[data-secret=\"'+t.secret+'\"]'),c=new RegExp(\"^https?:$\",\"i\"),i=0;i<o.length;i++)o[i].style.display=\"none\";for(i=0;i<a.length;i++)s=a[i],e.source===s.contentWindow&&(s.removeAttribute(\"style\"),\"height\"===t.message?(1e3<(r=parseInt(t.value,10))?r=1e3:~~r<200&&(r=200),s.height=r):\"link\"===t.message&&(r=new URL(s.getAttribute(\"src\")),n=new URL(t.value),c.test(n.protocol))&&n.host===r.host&&l.activeElement===s&&(d.top.location.href=t.value))}},d.addEventListener(\"message\",d.wp.receiveEmbedMessage,!1),l.addEventListener(\"DOMContentLoaded\",function(){for(var e,t,s=l.querySelectorAll(\"iframe.wp-embedded-content\"),r=0;r<s.length;r++)(t=(e=s[r]).getAttribute(\"data-secret\"))||(t=Math.random().toString(36).substring(2,12),e.src+=\"#?secret=\"+t,e.setAttribute(\"data-secret\",t)),e.contentWindow.postMessage({message:\"ready\",secret:t},\"*\")},!1)))}(window,document);\n\/\/# sourceURL=https:\/\/visitvisegrad.hu\/wp-includes\/js\/wp-embed.min.js\n<\/script>","thumbnail_url":"https:\/\/visitvisegrad.hu\/wp-content\/uploads\/2026\/06\/Szureti.jpg","thumbnail_width":960,"thumbnail_height":684,"description":"Szervez\u0151: Visegr\u00e1di N\u00e9met Nemzetis\u00e9gi \u00d6nkorm\u00e1nyzat 16:00 Sz\u00fcreti felvonul\u00e1s amely Visegr\u00e1d \u00dajtelepr\u0151l indul, a meg\u00e1ll\u00f3kban m\u0171sorral a v\u00e1rosban t\u00f6bb helysz\u00ednen 18:00 Mulats\u00e1g a Sv\u00e1b T\u00e1jh\u00e1zban \u00e9s a pincesoron: B\u00fcf\u00e9, nyitott pinc\u00e9k! Zene: Werischwarer Burschen"}