{"id":6266,"date":"2026-08-25T09:53:56","date_gmt":"2026-08-25T09:53:56","guid":{"rendered":"https:\/\/visitvisegrad.hu\/?post_type=iv_esemeny&#038;p=6266"},"modified":"2026-08-25T09:53:56","modified_gmt":"2026-08-25T09:53:56","slug":"delutani-chill-sup-tura-3-2-3","status":"publish","type":"iv_esemeny","link":"https:\/\/visitvisegrad.hu\/en\/program\/delutani-chill-sup-tura-3-2-3\/","title":{"rendered":"SUP t\u00fara"},"content":{"rendered":"<h4 style=\"text-align: center;\">Come and relax on the Danube this weekend!<\/h4>\n<h4><\/h4>\n<p>&nbsp;<\/p>\n<p>&nbsp;<\/p>\n<p><strong>Duration of the walk: 2.5\u20133 hours<\/strong><\/p>","protected":false},"excerpt":{"rendered":"<p>Lazulj h\u00e9tv\u00e9g\u00e9n a Dun\u00e1n ! &nbsp; &nbsp; A t\u00fara id\u0151tartama: 2,5-3 \u00f3ra<\/p>","protected":false},"author":8,"featured_media":5176,"template":"","iv-kategoria":[28],"class_list":["post-6266","iv_esemeny","type-iv_esemeny","status-publish","has-post-thumbnail","hentry","iv_kategoria-sport"],"yoast_head":"<!-- This site is optimized with the Yoast SEO plugin v27.7 - https:\/\/yoast.com\/product\/yoast-seo-wordpress\/ -->\n<title>SUP t\u00fara - Visit Visegr\u00e1d - Fedezd fel Visegr\u00e1d kincseit!<\/title>\n<meta name=\"description\" content=\"D\u00e9lut\u00e1ni SUP tura a Dun\u00e1n Visegr\u00e1dt\u00f3l DUnabogd\u00e1nyig. Garant\u00e1ltan leh\u00fclsz a Duna h\u0171s\u00edt\u0151 v\u00edz\u00e9ben!\" \/>\n<meta name=\"robots\" content=\"index, follow, max-snippet:-1, max-image-preview:large, max-video-preview:-1\" \/>\n<link rel=\"canonical\" href=\"https:\/\/visitvisegrad.hu\/en\/program\/delutani-chill-sup-tura-3-2-3\/\" \/>\n<meta property=\"og:locale\" content=\"en_GB\" \/>\n<meta property=\"og:type\" content=\"article\" \/>\n<meta property=\"og:title\" content=\"SUP t\u00fara - Visit Visegr\u00e1d - Fedezd fel Visegr\u00e1d kincseit!\" \/>\n<meta property=\"og:description\" content=\"D\u00e9lut\u00e1ni SUP tura a Dun\u00e1n Visegr\u00e1dt\u00f3l DUnabogd\u00e1nyig. Garant\u00e1ltan leh\u00fclsz a Duna h\u0171s\u00edt\u0151 v\u00edz\u00e9ben!\" \/>\n<meta property=\"og:url\" content=\"https:\/\/visitvisegrad.hu\/en\/program\/delutani-chill-sup-tura-3-2-3\/\" \/>\n<meta property=\"og:site_name\" content=\"Visit Visegr\u00e1d - Fedezd fel Visegr\u00e1d kincseit!\" \/>\n<meta property=\"og:image\" content=\"https:\/\/visitvisegrad.hu\/wp-content\/uploads\/2026\/06\/Delutani-chill-SUP-tura.jpg\" \/>\n\t<meta property=\"og:image:width\" content=\"1126\" \/>\n\t<meta property=\"og:image:height\" content=\"563\" \/>\n\t<meta property=\"og:image:type\" content=\"image\/jpeg\" \/>\n<meta name=\"twitter:card\" content=\"summary_large_image\" \/>\n<meta name=\"twitter:label1\" content=\"Estimated reading time\" \/>\n\t<meta name=\"twitter:data1\" content=\"1 minute\" \/>\n<script type=\"application\/ld+json\" class=\"yoast-schema-graph\">{\"@context\":\"https:\\\/\\\/schema.org\",\"@graph\":[{\"@type\":\"WebPage\",\"@id\":\"https:\\\/\\\/visitvisegrad.hu\\\/program\\\/delutani-chill-sup-tura-3-2-3\\\/\",\"url\":\"https:\\\/\\\/visitvisegrad.hu\\\/program\\\/delutani-chill-sup-tura-3-2-3\\\/\",\"name\":\"SUP t\u00fara - Visit Visegr\u00e1d - Fedezd fel Visegr\u00e1d kincseit!\",\"isPartOf\":{\"@id\":\"https:\\\/\\\/visitvisegrad.hu\\\/#website\"},\"primaryImageOfPage\":{\"@id\":\"https:\\\/\\\/visitvisegrad.hu\\\/program\\\/delutani-chill-sup-tura-3-2-3\\\/#primaryimage\"},\"image\":{\"@id\":\"https:\\\/\\\/visitvisegrad.hu\\\/program\\\/delutani-chill-sup-tura-3-2-3\\\/#primaryimage\"},\"thumbnailUrl\":\"https:\\\/\\\/visitvisegrad.hu\\\/wp-content\\\/uploads\\\/2026\\\/06\\\/Delutani-chill-SUP-tura.jpg\",\"datePublished\":\"2026-08-25T09:53:56+00:00\",\"description\":\"D\u00e9lut\u00e1ni SUP tura a Dun\u00e1n Visegr\u00e1dt\u00f3l DUnabogd\u00e1nyig. Garant\u00e1ltan leh\u00fclsz a Duna h\u0171s\u00edt\u0151 v\u00edz\u00e9ben!\",\"breadcrumb\":{\"@id\":\"https:\\\/\\\/visitvisegrad.hu\\\/program\\\/delutani-chill-sup-tura-3-2-3\\\/#breadcrumb\"},\"inLanguage\":\"en-GB\",\"potentialAction\":[{\"@type\":\"ReadAction\",\"target\":[\"https:\\\/\\\/visitvisegrad.hu\\\/program\\\/delutani-chill-sup-tura-3-2-3\\\/\"]}]},{\"@type\":\"ImageObject\",\"inLanguage\":\"en-GB\",\"@id\":\"https:\\\/\\\/visitvisegrad.hu\\\/program\\\/delutani-chill-sup-tura-3-2-3\\\/#primaryimage\",\"url\":\"https:\\\/\\\/visitvisegrad.hu\\\/wp-content\\\/uploads\\\/2026\\\/06\\\/Delutani-chill-SUP-tura.jpg\",\"contentUrl\":\"https:\\\/\\\/visitvisegrad.hu\\\/wp-content\\\/uploads\\\/2026\\\/06\\\/Delutani-chill-SUP-tura.jpg\",\"width\":1126,\"height\":563,\"caption\":\"D\u00e9lut\u00e1ni chill SUP t\u00fara\"},{\"@type\":\"BreadcrumbList\",\"@id\":\"https:\\\/\\\/visitvisegrad.hu\\\/program\\\/delutani-chill-sup-tura-3-2-3\\\/#breadcrumb\",\"itemListElement\":[{\"@type\":\"ListItem\",\"position\":1,\"name\":\"Home\",\"item\":\"https:\\\/\\\/visitvisegrad.hu\\\/\"},{\"@type\":\"ListItem\",\"position\":2,\"name\":\"Programok\",\"item\":\"https:\\\/\\\/visitvisegrad.hu\\\/en\\\/programok\\\/\"},{\"@type\":\"ListItem\",\"position\":3,\"name\":\"SUP t\u00fara\"}]},{\"@type\":\"WebSite\",\"@id\":\"https:\\\/\\\/visitvisegrad.hu\\\/#website\",\"url\":\"https:\\\/\\\/visitvisegrad.hu\\\/\",\"name\":\"Visit Visegr\u00e1d\",\"description\":\"Programok, l\u00e1tnival\u00f3k, \u00e9ttermek, sz\u00e1ll\u00e1s. Visegr\u00e1d t\u00f6k\u00e9letes \u00fati c\u00e9l, ha t\u00f6rt\u00e9nelmi felfedez\u00e9sre, akt\u00edv kikapcsol\u00f3d\u00e1sra vagy nyugodt felt\u00f6lt\u0151d\u00e9sre v\u00e1gysz.\",\"publisher\":{\"@id\":\"https:\\\/\\\/visitvisegrad.hu\\\/#organization\"},\"potentialAction\":[{\"@type\":\"SearchAction\",\"target\":{\"@type\":\"EntryPoint\",\"urlTemplate\":\"https:\\\/\\\/visitvisegrad.hu\\\/?s={search_term_string}\"},\"query-input\":{\"@type\":\"PropertyValueSpecification\",\"valueRequired\":true,\"valueName\":\"search_term_string\"}}],\"inLanguage\":\"en-GB\"},{\"@type\":\"Organization\",\"@id\":\"https:\\\/\\\/visitvisegrad.hu\\\/#organization\",\"name\":\"Visit Visegr\u00e1d\",\"url\":\"https:\\\/\\\/visitvisegrad.hu\\\/\",\"logo\":{\"@type\":\"ImageObject\",\"inLanguage\":\"en-GB\",\"@id\":\"https:\\\/\\\/visitvisegrad.hu\\\/#\\\/schema\\\/logo\\\/image\\\/\",\"url\":\"https:\\\/\\\/visitvisegrad.hu\\\/wp-content\\\/uploads\\\/2026\\\/02\\\/Visit_visegrad_logo_1.png\",\"contentUrl\":\"https:\\\/\\\/visitvisegrad.hu\\\/wp-content\\\/uploads\\\/2026\\\/02\\\/Visit_visegrad_logo_1.png\",\"width\":589,\"height\":200,\"caption\":\"Visit Visegr\u00e1d\"},\"image\":{\"@id\":\"https:\\\/\\\/visitvisegrad.hu\\\/#\\\/schema\\\/logo\\\/image\\\/\"}}]}<\/script>\n<!-- \/ Yoast SEO plugin. -->","yoast_head_json":{"title":"SUP t\u00fara - Visit Visegr\u00e1d - Fedezd fel Visegr\u00e1d kincseit!","description":"D\u00e9lut\u00e1ni SUP tura a Dun\u00e1n Visegr\u00e1dt\u00f3l DUnabogd\u00e1nyig. Garant\u00e1ltan leh\u00fclsz a Duna h\u0171s\u00edt\u0151 v\u00edz\u00e9ben!","robots":{"index":"index","follow":"follow","max-snippet":"max-snippet:-1","max-image-preview":"max-image-preview:large","max-video-preview":"max-video-preview:-1"},"canonical":"https:\/\/visitvisegrad.hu\/en\/program\/delutani-chill-sup-tura-3-2-3\/","og_locale":"en_GB","og_type":"article","og_title":"SUP t\u00fara - Visit Visegr\u00e1d - Fedezd fel Visegr\u00e1d kincseit!","og_description":"D\u00e9lut\u00e1ni SUP tura a Dun\u00e1n Visegr\u00e1dt\u00f3l DUnabogd\u00e1nyig. Garant\u00e1ltan leh\u00fclsz a Duna h\u0171s\u00edt\u0151 v\u00edz\u00e9ben!","og_url":"https:\/\/visitvisegrad.hu\/en\/program\/delutani-chill-sup-tura-3-2-3\/","og_site_name":"Visit Visegr\u00e1d - Fedezd fel Visegr\u00e1d kincseit!","og_image":[{"width":1126,"height":563,"url":"https:\/\/visitvisegrad.hu\/wp-content\/uploads\/2026\/06\/Delutani-chill-SUP-tura.jpg","type":"image\/jpeg"}],"twitter_card":"summary_large_image","twitter_misc":{"Estimated reading time":"1 minute"},"schema":{"@context":"https:\/\/schema.org","@graph":[{"@type":"WebPage","@id":"https:\/\/visitvisegrad.hu\/program\/delutani-chill-sup-tura-3-2-3\/","url":"https:\/\/visitvisegrad.hu\/program\/delutani-chill-sup-tura-3-2-3\/","name":"SUP t\u00fara - Visit Visegr\u00e1d - Fedezd fel Visegr\u00e1d kincseit!","isPartOf":{"@id":"https:\/\/visitvisegrad.hu\/#website"},"primaryImageOfPage":{"@id":"https:\/\/visitvisegrad.hu\/program\/delutani-chill-sup-tura-3-2-3\/#primaryimage"},"image":{"@id":"https:\/\/visitvisegrad.hu\/program\/delutani-chill-sup-tura-3-2-3\/#primaryimage"},"thumbnailUrl":"https:\/\/visitvisegrad.hu\/wp-content\/uploads\/2026\/06\/Delutani-chill-SUP-tura.jpg","datePublished":"2026-08-25T09:53:56+00:00","description":"D\u00e9lut\u00e1ni SUP tura a Dun\u00e1n Visegr\u00e1dt\u00f3l DUnabogd\u00e1nyig. Garant\u00e1ltan leh\u00fclsz a Duna h\u0171s\u00edt\u0151 v\u00edz\u00e9ben!","breadcrumb":{"@id":"https:\/\/visitvisegrad.hu\/program\/delutani-chill-sup-tura-3-2-3\/#breadcrumb"},"inLanguage":"en-GB","potentialAction":[{"@type":"ReadAction","target":["https:\/\/visitvisegrad.hu\/program\/delutani-chill-sup-tura-3-2-3\/"]}]},{"@type":"ImageObject","inLanguage":"en-GB","@id":"https:\/\/visitvisegrad.hu\/program\/delutani-chill-sup-tura-3-2-3\/#primaryimage","url":"https:\/\/visitvisegrad.hu\/wp-content\/uploads\/2026\/06\/Delutani-chill-SUP-tura.jpg","contentUrl":"https:\/\/visitvisegrad.hu\/wp-content\/uploads\/2026\/06\/Delutani-chill-SUP-tura.jpg","width":1126,"height":563,"caption":"D\u00e9lut\u00e1ni chill SUP t\u00fara"},{"@type":"BreadcrumbList","@id":"https:\/\/visitvisegrad.hu\/program\/delutani-chill-sup-tura-3-2-3\/#breadcrumb","itemListElement":[{"@type":"ListItem","position":1,"name":"Home","item":"https:\/\/visitvisegrad.hu\/"},{"@type":"ListItem","position":2,"name":"Programok","item":"https:\/\/visitvisegrad.hu\/en\/programok\/"},{"@type":"ListItem","position":3,"name":"SUP t\u00fara"}]},{"@type":"WebSite","@id":"https:\/\/visitvisegrad.hu\/#website","url":"https:\/\/visitvisegrad.hu\/","name":"Visit Visegr\u00e1d","description":"Activities, sights, restaurants, accommodation. Visegr\u00e1d is the perfect destination whether you\u2019re looking to explore its history, enjoy some active leisure or simply relax and unwind.","publisher":{"@id":"https:\/\/visitvisegrad.hu\/#organization"},"potentialAction":[{"@type":"SearchAction","target":{"@type":"EntryPoint","urlTemplate":"https:\/\/visitvisegrad.hu\/?s={search_term_string}"},"query-input":{"@type":"PropertyValueSpecification","valueRequired":true,"valueName":"search_term_string"}}],"inLanguage":"en-GB"},{"@type":"Organization","@id":"https:\/\/visitvisegrad.hu\/#organization","name":"Visit Visegr\u00e1d","url":"https:\/\/visitvisegrad.hu\/","logo":{"@type":"ImageObject","inLanguage":"en-GB","@id":"https:\/\/visitvisegrad.hu\/#\/schema\/logo\/image\/","url":"https:\/\/visitvisegrad.hu\/wp-content\/uploads\/2026\/02\/Visit_visegrad_logo_1.png","contentUrl":"https:\/\/visitvisegrad.hu\/wp-content\/uploads\/2026\/02\/Visit_visegrad_logo_1.png","width":589,"height":200,"caption":"Visit Visegr\u00e1d"},"image":{"@id":"https:\/\/visitvisegrad.hu\/#\/schema\/logo\/image\/"}}]}},"_links":{"self":[{"href":"https:\/\/visitvisegrad.hu\/en\/wp-json\/wp\/v2\/iv-esemeny\/6266","targetHints":{"allow":["GET"]}}],"collection":[{"href":"https:\/\/visitvisegrad.hu\/en\/wp-json\/wp\/v2\/iv-esemeny"}],"about":[{"href":"https:\/\/visitvisegrad.hu\/en\/wp-json\/wp\/v2\/types\/iv_esemeny"}],"author":[{"embeddable":true,"href":"https:\/\/visitvisegrad.hu\/en\/wp-json\/wp\/v2\/users\/8"}],"version-history":[{"count":1,"href":"https:\/\/visitvisegrad.hu\/en\/wp-json\/wp\/v2\/iv-esemeny\/6266\/revisions"}],"predecessor-version":[{"id":6267,"href":"https:\/\/visitvisegrad.hu\/en\/wp-json\/wp\/v2\/iv-esemeny\/6266\/revisions\/6267"}],"wp:featuredmedia":[{"embeddable":true,"href":"https:\/\/visitvisegrad.hu\/en\/wp-json\/wp\/v2\/media\/5176"}],"wp:attachment":[{"href":"https:\/\/visitvisegrad.hu\/en\/wp-json\/wp\/v2\/media?parent=6266"}],"wp:term":[{"taxonomy":"iv_kategoria","embeddable":true,"href":"https:\/\/visitvisegrad.hu\/en\/wp-json\/wp\/v2\/iv-kategoria?post=6266"}],"curies":[{"name":"wp","href":"https:\/\/api.w.org\/{rel}","templated":true}]}}