{"id":6437,"date":"2026-09-03T09:21:21","date_gmt":"2026-09-03T09:21:21","guid":{"rendered":"https:\/\/visitvisegrad.hu\/?post_type=iv_esemeny&#038;p=6437"},"modified":"2026-09-03T09:44:48","modified_gmt":"2026-09-03T09:44:48","slug":"tura-a-vorosko-kilatohoz","status":"publish","type":"iv_esemeny","link":"https:\/\/visitvisegrad.hu\/en\/program\/tura-a-vorosko-kilatohoz\/","title":{"rendered":"T\u00fara a V\u00f6r\u00f6sk\u0151-kil\u00e1t\u00f3hoz"},"content":{"rendered":"<h4 style=\"text-align: center;\">A Kalicsa-patak vadreg\u00e9nyes \u00f6sv\u00e9nyein \u00e1t<\/h4>\n<p style=\"text-align: justify;\">A Visegr\u00e1di-hegys\u00e9g keleti perem\u00e9nek legszebb kil\u00e1t\u00f3pontj\u00e1nak felkeres\u00e9s\u00e9re invit\u00e1llak, ami gyerekkorom kedvelt t\u00fara\u00fatvonala volt, \u00e9s az\u00f3ta is sz\u00e1mos eml\u00e9kezetes \u00e9lm\u00e9ny k\u00f6t ehhez a helysz\u00ednhez.<\/p>\n<p style=\"text-align: justify;\">\u0150szind\u00edt\u00f3 t\u00far\u00e1nkon megcsod\u00e1lhatod a kil\u00e1t\u00f3b\u00f3l el\u00e9nk ter\u00fcl\u0151 csod\u00e1latos panor\u00e1m\u00e1t a Szentendrei-sziget, a Dunakanyar telep\u00fcl\u00e9sei \u00e9s a Nasz\u00e1ly fel\u00e9. Kir\u00e1ndul\u00e1sunkat ez\u00fattal a Kalicsa-patak v\u00f6lgy\u00e9n \u00e1t terveztem meg, ami egy kev\u00e9sb\u00e9 ismert \u00e1m ann\u00e1l izgalmasabb \u00fatvonal!<\/p>\n<p style=\"text-align: justify;\">A V\u00f6r\u00f6sk\u0151-kil\u00e1t\u00f3 a Piliscsabai Term\u00e9szetj\u00e1r\u00f3 Egyes\u00fclet t\u00faramozgalm\u00e1nak, a &#8220;J\u00f3 kil\u00e1t\u00e1sok Visegr\u00e1di-hegys\u00e9g&#8221; egyik \u00e1llom\u00e1sa is! Ha gy\u0171jt\u00f6d a pecs\u00e9teket \u00e9s a kil\u00e1t\u00f3 pontokat, akkor se hagyd ki ezt a k\u00f6z\u00f6s t\u00fara programot! A kil\u00e1t\u00f3 ponton tartunk hosszabb pihen\u0151t!<\/p>\n<p style=\"text-align: justify;\"><strong>Distance:<\/strong> 13 km, 440 m szintemelked\u00e9ssel. A t\u00fara jellege: k\u00f6rt\u00fara. Indul\u00e1s: Tahit\u00f3tfalu, Bercs\u00e9nyi utca v\u00e9g\u00e9n tal\u00e1lhat\u00f3 fakereszt, vissza\u00e9rkez\u00e9s ugyanitt!<\/p>\n<p style=\"text-align: justify;\"><strong>Level of difficulty:<\/strong> \u2b50\u2b50\u2b50 (k\u00f6zepesen neh\u00e9z kir\u00e1ndul\u00e1s, amit alapvet\u0151en a kezd\u0151k is teljes\u00edtni tudnak, nekik a t\u00e1vols\u00e1g lek\u00fczd\u00e9se jelenthet kih\u00edv\u00e1st)<\/p>\n<p style=\"text-align: justify;\"><strong>Entry fee:<\/strong> feln\u0151tteknek 5 000 Ft, 18 \u00e9v alattiak \u00e9s P\u00f3csmegyeri lakosok r\u00e9sz\u00e9re d\u00edjmentes!<\/p>\n<p style=\"text-align: justify;\">Barangol\u00f3 k\u00e1rtya tulajdonosok r\u00e9sz\u00e9re feln\u0151tteknek 4 000 Ft, 18 \u00e9v alatt ingyenes!<\/p>\n<p style=\"text-align: justify;\">The price includes: a guided tour and organisation by a bronze-badge-qualified tour guide certified by the MTSZ.<\/p>\n<p style=\"text-align: justify;\">A jelentkez\u00e9st k\u00f6vet\u0151en e-mailen kapsz visszaigazol\u00e1st \u00e9s inform\u00e1ci\u00f3t a r\u00e9szv\u00e9teli d\u00edj befizet\u00e9s\u00e9nek m\u00f3dj\u00e1r\u00f3l \u00e9s a lemond\u00e1si lehet\u0151s\u00e9gekkel kapcsolatban.<\/p>","protected":false},"excerpt":{"rendered":"<p>A Kalicsa-patak vadreg\u00e9nyes \u00f6sv\u00e9nyein \u00e1t A Visegr\u00e1di-hegys\u00e9g keleti perem\u00e9nek legszebb kil\u00e1t\u00f3pontj\u00e1nak felkeres\u00e9s\u00e9re invit\u00e1llak, ami gyerekkorom kedvelt t\u00fara\u00fatvonala volt, \u00e9s az\u00f3ta is sz\u00e1mos eml\u00e9kezetes \u00e9lm\u00e9ny k\u00f6t ehhez a helysz\u00ednhez. \u0150szind\u00edt\u00f3 t\u00far\u00e1nkon megcsod\u00e1lhatod a kil\u00e1t\u00f3b\u00f3l el\u00e9nk ter\u00fcl\u0151 csod\u00e1latos panor\u00e1m\u00e1t a Szentendrei-sziget, a Dunakanyar telep\u00fcl\u00e9sei \u00e9s a Nasz\u00e1ly fel\u00e9. Kir\u00e1ndul\u00e1sunkat ez\u00fattal a Kalicsa-patak v\u00f6lgy\u00e9n \u00e1t terveztem meg, ami&#8230;<\/p>","protected":false},"author":7,"featured_media":6438,"template":"","iv-kategoria":[28],"class_list":["post-6437","iv_esemeny","type-iv_esemeny","status-publish","has-post-thumbnail","hentry","iv_kategoria-sport"],"yoast_head":"<!-- This site is optimized with the Yoast SEO plugin v27.7 - https:\/\/yoast.com\/product\/yoast-seo-wordpress\/ -->\n<title>T\u00fara a V\u00f6r\u00f6sk\u0151-kil\u00e1t\u00f3hoz - Visit Visegr\u00e1d - Fedezd fel Visegr\u00e1d kincseit!<\/title>\n<meta name=\"robots\" content=\"index, follow, max-snippet:-1, max-image-preview:large, max-video-preview:-1\" \/>\n<link rel=\"canonical\" href=\"https:\/\/visitvisegrad.hu\/en\/program\/tura-a-vorosko-kilatohoz\/\" \/>\n<meta property=\"og:locale\" content=\"en_GB\" \/>\n<meta property=\"og:type\" content=\"article\" \/>\n<meta property=\"og:title\" content=\"T\u00fara a V\u00f6r\u00f6sk\u0151-kil\u00e1t\u00f3hoz - Visit Visegr\u00e1d - Fedezd fel Visegr\u00e1d kincseit!\" \/>\n<meta property=\"og:description\" content=\"A Kalicsa-patak vadreg\u00e9nyes \u00f6sv\u00e9nyein \u00e1t A Visegr\u00e1di-hegys\u00e9g keleti perem\u00e9nek legszebb kil\u00e1t\u00f3pontj\u00e1nak felkeres\u00e9s\u00e9re invit\u00e1llak, ami gyerekkorom kedvelt t\u00fara\u00fatvonala volt, \u00e9s az\u00f3ta is sz\u00e1mos eml\u00e9kezetes \u00e9lm\u00e9ny k\u00f6t ehhez a helysz\u00ednhez. \u0150szind\u00edt\u00f3 t\u00far\u00e1nkon megcsod\u00e1lhatod a kil\u00e1t\u00f3b\u00f3l el\u00e9nk ter\u00fcl\u0151 csod\u00e1latos panor\u00e1m\u00e1t a Szentendrei-sziget, a Dunakanyar telep\u00fcl\u00e9sei \u00e9s a Nasz\u00e1ly fel\u00e9. Kir\u00e1ndul\u00e1sunkat ez\u00fattal a Kalicsa-patak v\u00f6lgy\u00e9n \u00e1t terveztem meg, ami...\" \/>\n<meta property=\"og:url\" content=\"https:\/\/visitvisegrad.hu\/en\/program\/tura-a-vorosko-kilatohoz\/\" \/>\n<meta property=\"og:site_name\" content=\"Visit Visegr\u00e1d - Fedezd fel Visegr\u00e1d kincseit!\" \/>\n<meta property=\"article:modified_time\" content=\"2026-09-03T09:44:48+00:00\" \/>\n<meta property=\"og:image\" content=\"https:\/\/visitvisegrad.hu\/wp-content\/uploads\/2026\/09\/Vorosko.jpg\" \/>\n\t<meta property=\"og:image:width\" content=\"1536\" \/>\n\t<meta property=\"og:image:height\" content=\"1152\" \/>\n\t<meta property=\"og:image:type\" content=\"image\/jpeg\" \/>\n<meta name=\"twitter:card\" content=\"summary_large_image\" \/>\n<meta name=\"twitter:label1\" content=\"Estimated reading time\" \/>\n\t<meta name=\"twitter:data1\" content=\"2 minutes\" \/>\n<script type=\"application\/ld+json\" class=\"yoast-schema-graph\">{\"@context\":\"https:\\\/\\\/schema.org\",\"@graph\":[{\"@type\":\"WebPage\",\"@id\":\"https:\\\/\\\/visitvisegrad.hu\\\/program\\\/tura-a-vorosko-kilatohoz\\\/\",\"url\":\"https:\\\/\\\/visitvisegrad.hu\\\/program\\\/tura-a-vorosko-kilatohoz\\\/\",\"name\":\"T\u00fara a V\u00f6r\u00f6sk\u0151-kil\u00e1t\u00f3hoz - Visit Visegr\u00e1d - Fedezd fel Visegr\u00e1d kincseit!\",\"isPartOf\":{\"@id\":\"https:\\\/\\\/visitvisegrad.hu\\\/#website\"},\"primaryImageOfPage\":{\"@id\":\"https:\\\/\\\/visitvisegrad.hu\\\/program\\\/tura-a-vorosko-kilatohoz\\\/#primaryimage\"},\"image\":{\"@id\":\"https:\\\/\\\/visitvisegrad.hu\\\/program\\\/tura-a-vorosko-kilatohoz\\\/#primaryimage\"},\"thumbnailUrl\":\"https:\\\/\\\/visitvisegrad.hu\\\/wp-content\\\/uploads\\\/2026\\\/09\\\/Vorosko.jpg\",\"datePublished\":\"2026-09-03T09:21:21+00:00\",\"dateModified\":\"2026-09-03T09:44:48+00:00\",\"breadcrumb\":{\"@id\":\"https:\\\/\\\/visitvisegrad.hu\\\/program\\\/tura-a-vorosko-kilatohoz\\\/#breadcrumb\"},\"inLanguage\":\"en-GB\",\"potentialAction\":[{\"@type\":\"ReadAction\",\"target\":[\"https:\\\/\\\/visitvisegrad.hu\\\/program\\\/tura-a-vorosko-kilatohoz\\\/\"]}]},{\"@type\":\"ImageObject\",\"inLanguage\":\"en-GB\",\"@id\":\"https:\\\/\\\/visitvisegrad.hu\\\/program\\\/tura-a-vorosko-kilatohoz\\\/#primaryimage\",\"url\":\"https:\\\/\\\/visitvisegrad.hu\\\/wp-content\\\/uploads\\\/2026\\\/09\\\/Vorosko.jpg\",\"contentUrl\":\"https:\\\/\\\/visitvisegrad.hu\\\/wp-content\\\/uploads\\\/2026\\\/09\\\/Vorosko.jpg\",\"width\":1536,\"height\":1152},{\"@type\":\"BreadcrumbList\",\"@id\":\"https:\\\/\\\/visitvisegrad.hu\\\/program\\\/tura-a-vorosko-kilatohoz\\\/#breadcrumb\",\"itemListElement\":[{\"@type\":\"ListItem\",\"position\":1,\"name\":\"Home\",\"item\":\"https:\\\/\\\/visitvisegrad.hu\\\/\"},{\"@type\":\"ListItem\",\"position\":2,\"name\":\"Programok\",\"item\":\"https:\\\/\\\/visitvisegrad.hu\\\/en\\\/programok\\\/\"},{\"@type\":\"ListItem\",\"position\":3,\"name\":\"T\u00fara a V\u00f6r\u00f6sk\u0151-kil\u00e1t\u00f3hoz\"}]},{\"@type\":\"WebSite\",\"@id\":\"https:\\\/\\\/visitvisegrad.hu\\\/#website\",\"url\":\"https:\\\/\\\/visitvisegrad.hu\\\/\",\"name\":\"Visit Visegr\u00e1d\",\"description\":\"Programok, l\u00e1tnival\u00f3k, \u00e9ttermek, sz\u00e1ll\u00e1s. Visegr\u00e1d t\u00f6k\u00e9letes \u00fati c\u00e9l, ha t\u00f6rt\u00e9nelmi felfedez\u00e9sre, akt\u00edv kikapcsol\u00f3d\u00e1sra vagy nyugodt felt\u00f6lt\u0151d\u00e9sre v\u00e1gysz.\",\"publisher\":{\"@id\":\"https:\\\/\\\/visitvisegrad.hu\\\/#organization\"},\"potentialAction\":[{\"@type\":\"SearchAction\",\"target\":{\"@type\":\"EntryPoint\",\"urlTemplate\":\"https:\\\/\\\/visitvisegrad.hu\\\/?s={search_term_string}\"},\"query-input\":{\"@type\":\"PropertyValueSpecification\",\"valueRequired\":true,\"valueName\":\"search_term_string\"}}],\"inLanguage\":\"en-GB\"},{\"@type\":\"Organization\",\"@id\":\"https:\\\/\\\/visitvisegrad.hu\\\/#organization\",\"name\":\"Visit Visegr\u00e1d\",\"url\":\"https:\\\/\\\/visitvisegrad.hu\\\/\",\"logo\":{\"@type\":\"ImageObject\",\"inLanguage\":\"en-GB\",\"@id\":\"https:\\\/\\\/visitvisegrad.hu\\\/#\\\/schema\\\/logo\\\/image\\\/\",\"url\":\"https:\\\/\\\/visitvisegrad.hu\\\/wp-content\\\/uploads\\\/2026\\\/02\\\/Visit_visegrad_logo_1.png\",\"contentUrl\":\"https:\\\/\\\/visitvisegrad.hu\\\/wp-content\\\/uploads\\\/2026\\\/02\\\/Visit_visegrad_logo_1.png\",\"width\":589,\"height\":200,\"caption\":\"Visit Visegr\u00e1d\"},\"image\":{\"@id\":\"https:\\\/\\\/visitvisegrad.hu\\\/#\\\/schema\\\/logo\\\/image\\\/\"}}]}<\/script>\n<!-- \/ Yoast SEO plugin. -->","yoast_head_json":{"title":"T\u00fara a V\u00f6r\u00f6sk\u0151-kil\u00e1t\u00f3hoz - Visit Visegr\u00e1d - Fedezd fel Visegr\u00e1d kincseit!","robots":{"index":"index","follow":"follow","max-snippet":"max-snippet:-1","max-image-preview":"max-image-preview:large","max-video-preview":"max-video-preview:-1"},"canonical":"https:\/\/visitvisegrad.hu\/en\/program\/tura-a-vorosko-kilatohoz\/","og_locale":"en_GB","og_type":"article","og_title":"T\u00fara a V\u00f6r\u00f6sk\u0151-kil\u00e1t\u00f3hoz - Visit Visegr\u00e1d - Fedezd fel Visegr\u00e1d kincseit!","og_description":"A Kalicsa-patak vadreg\u00e9nyes \u00f6sv\u00e9nyein \u00e1t A Visegr\u00e1di-hegys\u00e9g keleti perem\u00e9nek legszebb kil\u00e1t\u00f3pontj\u00e1nak felkeres\u00e9s\u00e9re invit\u00e1llak, ami gyerekkorom kedvelt t\u00fara\u00fatvonala volt, \u00e9s az\u00f3ta is sz\u00e1mos eml\u00e9kezetes \u00e9lm\u00e9ny k\u00f6t ehhez a helysz\u00ednhez. \u0150szind\u00edt\u00f3 t\u00far\u00e1nkon megcsod\u00e1lhatod a kil\u00e1t\u00f3b\u00f3l el\u00e9nk ter\u00fcl\u0151 csod\u00e1latos panor\u00e1m\u00e1t a Szentendrei-sziget, a Dunakanyar telep\u00fcl\u00e9sei \u00e9s a Nasz\u00e1ly fel\u00e9. Kir\u00e1ndul\u00e1sunkat ez\u00fattal a Kalicsa-patak v\u00f6lgy\u00e9n \u00e1t terveztem meg, ami...","og_url":"https:\/\/visitvisegrad.hu\/en\/program\/tura-a-vorosko-kilatohoz\/","og_site_name":"Visit Visegr\u00e1d - Fedezd fel Visegr\u00e1d kincseit!","article_modified_time":"2026-09-03T09:44:48+00:00","og_image":[{"width":1536,"height":1152,"url":"https:\/\/visitvisegrad.hu\/wp-content\/uploads\/2026\/09\/Vorosko.jpg","type":"image\/jpeg"}],"twitter_card":"summary_large_image","twitter_misc":{"Estimated reading time":"2 minutes"},"schema":{"@context":"https:\/\/schema.org","@graph":[{"@type":"WebPage","@id":"https:\/\/visitvisegrad.hu\/program\/tura-a-vorosko-kilatohoz\/","url":"https:\/\/visitvisegrad.hu\/program\/tura-a-vorosko-kilatohoz\/","name":"T\u00fara a V\u00f6r\u00f6sk\u0151-kil\u00e1t\u00f3hoz - Visit Visegr\u00e1d - Fedezd fel Visegr\u00e1d kincseit!","isPartOf":{"@id":"https:\/\/visitvisegrad.hu\/#website"},"primaryImageOfPage":{"@id":"https:\/\/visitvisegrad.hu\/program\/tura-a-vorosko-kilatohoz\/#primaryimage"},"image":{"@id":"https:\/\/visitvisegrad.hu\/program\/tura-a-vorosko-kilatohoz\/#primaryimage"},"thumbnailUrl":"https:\/\/visitvisegrad.hu\/wp-content\/uploads\/2026\/09\/Vorosko.jpg","datePublished":"2026-09-03T09:21:21+00:00","dateModified":"2026-09-03T09:44:48+00:00","breadcrumb":{"@id":"https:\/\/visitvisegrad.hu\/program\/tura-a-vorosko-kilatohoz\/#breadcrumb"},"inLanguage":"en-GB","potentialAction":[{"@type":"ReadAction","target":["https:\/\/visitvisegrad.hu\/program\/tura-a-vorosko-kilatohoz\/"]}]},{"@type":"ImageObject","inLanguage":"en-GB","@id":"https:\/\/visitvisegrad.hu\/program\/tura-a-vorosko-kilatohoz\/#primaryimage","url":"https:\/\/visitvisegrad.hu\/wp-content\/uploads\/2026\/09\/Vorosko.jpg","contentUrl":"https:\/\/visitvisegrad.hu\/wp-content\/uploads\/2026\/09\/Vorosko.jpg","width":1536,"height":1152},{"@type":"BreadcrumbList","@id":"https:\/\/visitvisegrad.hu\/program\/tura-a-vorosko-kilatohoz\/#breadcrumb","itemListElement":[{"@type":"ListItem","position":1,"name":"Home","item":"https:\/\/visitvisegrad.hu\/"},{"@type":"ListItem","position":2,"name":"Programok","item":"https:\/\/visitvisegrad.hu\/en\/programok\/"},{"@type":"ListItem","position":3,"name":"T\u00fara a V\u00f6r\u00f6sk\u0151-kil\u00e1t\u00f3hoz"}]},{"@type":"WebSite","@id":"https:\/\/visitvisegrad.hu\/#website","url":"https:\/\/visitvisegrad.hu\/","name":"Visit Visegr\u00e1d","description":"Activities, sights, restaurants, accommodation. Visegr\u00e1d is the perfect destination whether you\u2019re looking to explore its history, enjoy some active leisure or simply relax and unwind.","publisher":{"@id":"https:\/\/visitvisegrad.hu\/#organization"},"potentialAction":[{"@type":"SearchAction","target":{"@type":"EntryPoint","urlTemplate":"https:\/\/visitvisegrad.hu\/?s={search_term_string}"},"query-input":{"@type":"PropertyValueSpecification","valueRequired":true,"valueName":"search_term_string"}}],"inLanguage":"en-GB"},{"@type":"Organization","@id":"https:\/\/visitvisegrad.hu\/#organization","name":"Visit Visegr\u00e1d","url":"https:\/\/visitvisegrad.hu\/","logo":{"@type":"ImageObject","inLanguage":"en-GB","@id":"https:\/\/visitvisegrad.hu\/#\/schema\/logo\/image\/","url":"https:\/\/visitvisegrad.hu\/wp-content\/uploads\/2026\/02\/Visit_visegrad_logo_1.png","contentUrl":"https:\/\/visitvisegrad.hu\/wp-content\/uploads\/2026\/02\/Visit_visegrad_logo_1.png","width":589,"height":200,"caption":"Visit Visegr\u00e1d"},"image":{"@id":"https:\/\/visitvisegrad.hu\/#\/schema\/logo\/image\/"}}]}},"_links":{"self":[{"href":"https:\/\/visitvisegrad.hu\/en\/wp-json\/wp\/v2\/iv-esemeny\/6437","targetHints":{"allow":["GET"]}}],"collection":[{"href":"https:\/\/visitvisegrad.hu\/en\/wp-json\/wp\/v2\/iv-esemeny"}],"about":[{"href":"https:\/\/visitvisegrad.hu\/en\/wp-json\/wp\/v2\/types\/iv_esemeny"}],"author":[{"embeddable":true,"href":"https:\/\/visitvisegrad.hu\/en\/wp-json\/wp\/v2\/users\/7"}],"version-history":[{"count":1,"href":"https:\/\/visitvisegrad.hu\/en\/wp-json\/wp\/v2\/iv-esemeny\/6437\/revisions"}],"predecessor-version":[{"id":6439,"href":"https:\/\/visitvisegrad.hu\/en\/wp-json\/wp\/v2\/iv-esemeny\/6437\/revisions\/6439"}],"wp:featuredmedia":[{"embeddable":true,"href":"https:\/\/visitvisegrad.hu\/en\/wp-json\/wp\/v2\/media\/6438"}],"wp:attachment":[{"href":"https:\/\/visitvisegrad.hu\/en\/wp-json\/wp\/v2\/media?parent=6437"}],"wp:term":[{"taxonomy":"iv_kategoria","embeddable":true,"href":"https:\/\/visitvisegrad.hu\/en\/wp-json\/wp\/v2\/iv-kategoria?post=6437"}],"curies":[{"name":"wp","href":"https:\/\/api.w.org\/{rel}","templated":true}]}}