{"id":6364,"date":"2026-09-02T08:50:02","date_gmt":"2026-09-02T08:50:02","guid":{"rendered":"https:\/\/visitvisegrad.hu\/?page_id=6364"},"modified":"2026-09-02T10:05:05","modified_gmt":"2026-09-02T10:05:05","slug":"visegradon-athalado-turamozgalmak","status":"publish","type":"page","link":"https:\/\/visitvisegrad.hu\/sk\/visegradon-athalado-turamozgalmak\/","title":{"rendered":"Visegr\u00e1don \u00e1thalad\u00f3 T\u00faramozgalmak \u00fatvonalai"},"content":{"rendered":"\t\t<div data-elementor-type=\"wp-page\" data-elementor-id=\"6364\" class=\"elementor elementor-6364\" data-elementor-post-type=\"page\">\n\t\t\t\t\t\t<section class=\"elementor-section elementor-top-section elementor-element elementor-element-83c40c0 elementor-section-boxed elementor-section-height-default elementor-section-height-default\" data-id=\"83c40c0\" data-element_type=\"section\" data-e-type=\"section\" data-settings=\"{&quot;background_background&quot;:&quot;classic&quot;}\">\n\t\t\t\t\t\t\t<div class=\"elementor-background-overlay\"><\/div>\n\t\t\t\t\t\t\t<div class=\"elementor-container elementor-column-gap-default\">\n\t\t\t\t\t<div class=\"elementor-column elementor-col-100 elementor-top-column elementor-element elementor-element-68bf43f\" data-id=\"68bf43f\" data-element_type=\"column\" data-e-type=\"column\">\n\t\t\t<div class=\"elementor-widget-wrap elementor-element-populated\">\n\t\t\t\t\t\t<div class=\"elementor-element elementor-element-be7da48 elementor-widget elementor-widget-heading\" data-id=\"be7da48\" data-element_type=\"widget\" data-e-type=\"widget\" data-widget_type=\"heading.default\">\n\t\t\t\t\t<h2 class=\"elementor-heading-title elementor-size-default\">Visegr\u00e1don \u00e1thalad\u00f3<\/h2>\t\t\t\t<\/div>\n\t\t\t\t<div class=\"elementor-element elementor-element-882b7d0 elementor-widget elementor-widget-heading\" data-id=\"882b7d0\" data-element_type=\"widget\" data-e-type=\"widget\" data-widget_type=\"heading.default\">\n\t\t\t\t\t<h2 class=\"elementor-heading-title elementor-size-default\">T\u00faramozgalmak<\/h2>\t\t\t\t<\/div>\n\t\t\t\t\t<\/div>\n\t\t<\/div>\n\t\t\t\t\t<\/div>\n\t\t<\/section>\n\t\t<div class=\"elementor-element elementor-element-2cc3e1fc e-con-full e-flex e-con e-child\" data-id=\"2cc3e1fc\" data-element_type=\"container\" data-e-type=\"container\">\n\t\t<div class=\"elementor-element elementor-element-b6d7a19 e-flex e-con-boxed e-con e-child\" data-id=\"b6d7a19\" data-element_type=\"container\" data-e-type=\"container\">\n\t\t\t\t\t<div class=\"e-con-inner\">\n\t\t<div class=\"elementor-element elementor-element-781946c1 e-con-full e-flex e-con e-child\" data-id=\"781946c1\" data-element_type=\"container\" data-e-type=\"container\">\n\t\t\t\t<div class=\"elementor-element elementor-element-71092e9d elementor-widget elementor-widget-text-editor\" data-id=\"71092e9d\" data-element_type=\"widget\" data-e-type=\"widget\" data-widget_type=\"text-editor.default\">\n\t\t\t\t\t\t\t\t\t<h4><span style=\"color: #0f6e0f;\">VISEGR\u00c1DOT \u00c9RINT\u0150 T\u00daRAMOZGALMAK \u00daTVONALAI<\/span><\/h4>\t\t\t\t\t\t\t\t<\/div>\n\t\t\t\t<div class=\"elementor-element elementor-element-5be2b9e4 elementor-widget elementor-widget-text-editor\" data-id=\"5be2b9e4\" data-element_type=\"widget\" data-e-type=\"widget\" data-widget_type=\"text-editor.default\">\n\t\t\t\t\t\t\t\t\t<p style=\"text-align: justify;\">Visegr\u00e1d \u00e9s k\u00f6rny\u00e9ke a Dunakanyar egyik legkedveltebb t\u00farac\u00e9lpontja. A v\u00e1ros k\u00fcl\u00f6nleges term\u00e9szeti adotts\u00e1gainak, gazdag t\u00f6rt\u00e9nelmi \u00f6r\u00f6ks\u00e9g\u00e9nek \u00e9s a Visegr\u00e1di-hegys\u00e9g v\u00e1ltozatos t\u00e1jainak k\u00f6sz\u00f6nhet\u0151en sz\u00e1mos orsz\u00e1gos \u00e9s helyi t\u00faramozgalom \u00fatvonala halad \u00e1t a telep\u00fcl\u00e9sen vagy \u00e9rinti annak k\u00f6rny\u00e9k\u00e9t.<\/p><p style=\"text-align: justify;\">Legyen sz\u00f3 t\u00f6bbnapos orsz\u00e1gj\u00e1r\u00f3 t\u00far\u00e1r\u00f3l, teljes\u00edtm\u00e9nyt\u00far\u00e1r\u00f3l, tematikus \u00fatvonalr\u00f3l, zar\u00e1ndoklatr\u00f3l vagy \u00e9p\u00edt\u00e9szeti felfedez\u0151\u00fatr\u00f3l, Visegr\u00e1d kiv\u00e1l\u00f3 kiindul\u00f3pontja \u00e9s fontos \u00e1llom\u00e1sa lehet a t\u00far\u00e1z\u00f3knak. Az al\u00e1bbiakban \u00f6sszegy\u0171jt\u00f6tt\u00fck azokat a t\u00faramozgalmakat \u00e9s tematikus \u00fatvonalakat, amelyek seg\u00edts\u00e9g\u00e9vel \u00faj szemsz\u00f6gb\u0151l fedezhetj\u00fck fel Visegr\u00e1dot, a Visegr\u00e1di-hegys\u00e9get \u00e9s a Dunakanyar term\u00e9szeti \u00e9s kultur\u00e1lis \u00e9rt\u00e9keit.<\/p>\t\t\t\t\t\t\t\t<\/div>\n\t\t<div class=\"elementor-element elementor-element-39f8d1df e-flex e-con-boxed e-con e-child\" data-id=\"39f8d1df\" data-element_type=\"container\" data-e-type=\"container\" data-settings=\"{&quot;background_background&quot;:&quot;classic&quot;}\">\n\t\t\t\t\t<div class=\"e-con-inner\">\n\t\t\t\t<div class=\"elementor-element elementor-element-795f16f6 elementor-widget elementor-widget-heading\" data-id=\"795f16f6\" data-element_type=\"widget\" data-e-type=\"widget\" data-widget_type=\"heading.default\">\n\t\t\t\t\t<h3 class=\"elementor-heading-title elementor-size-default\">1.  ORSZ\u00c1GOS K\u00c9KT\u00daRA<\/h3>\t\t\t\t<\/div>\n\t\t\t\t<div class=\"elementor-element elementor-element-705be369 elementor-widget elementor-widget-text-editor\" data-id=\"705be369\" data-element_type=\"widget\" data-e-type=\"widget\" data-widget_type=\"text-editor.default\">\n\t\t\t\t\t\t\t\t\t<p style=\"padding-left: 40px;\"><span style=\"color: #0f6e0f;\"><a style=\"color: #0f6e0f;\" href=\"https:\/\/www.kektura.hu\/okt-szakasz\/okt-16\">Orsz\u00e1gos K\u00e9kt\u00fara hivatalos honlapja<\/a><\/span><\/p>\t\t\t\t\t\t\t\t<\/div>\n\t\t\t\t\t<\/div>\n\t\t\t\t<\/div>\n\t\t<div class=\"elementor-element elementor-element-d4d7d7c e-con-full e-flex e-con e-child\" data-id=\"d4d7d7c\" data-element_type=\"container\" data-e-type=\"container\" data-settings=\"{&quot;background_background&quot;:&quot;classic&quot;}\">\n\t\t\t\t<div class=\"elementor-element elementor-element-6bc678e elementor-widget elementor-widget-heading\" data-id=\"6bc678e\" data-element_type=\"widget\" data-e-type=\"widget\" data-widget_type=\"heading.default\">\n\t\t\t\t\t<h3 class=\"elementor-heading-title elementor-size-default\">2. PILISCSABAI TERM\u00c9SZETJ\u00c1R\u00d3 EGYES\u00dcLET T\u00daRA\u00daTVONALAI <\/h3>\t\t\t\t<\/div>\n\t\t\t\t<div class=\"elementor-element elementor-element-7d6e89f elementor-widget elementor-widget-text-editor\" data-id=\"7d6e89f\" data-element_type=\"widget\" data-e-type=\"widget\" data-widget_type=\"text-editor.default\">\n\t\t\t\t\t\t\t\t\t<p style=\"padding-left: 40px;\"><span style=\"color: #0f6e0f;\"><strong>Visegr\u00e1di Piros\u00fat<br \/><\/strong><\/span><span style=\"color: #0f6e0f;\"><a style=\"color: #0f6e0f;\" href=\"https:\/\/piliscsabaite.hu\/index.php\/hu\/turamozgalmak\/126-visegradi-pirosut\">Visegr\u00e1di Piros\u00fat hivatalos oldala<\/a><\/span><\/p>\t\t\t\t\t\t\t\t<\/div>\n\t\t\t\t<div class=\"elementor-element elementor-element-ebc5f0c elementor-widget elementor-widget-text-editor\" data-id=\"ebc5f0c\" data-element_type=\"widget\" data-e-type=\"widget\" data-widget_type=\"text-editor.default\">\n\t\t\t\t\t\t\t\t\t<p style=\"padding-left: 40px;\"><span style=\"color: #0f6e0f;\"><strong>&#8220;J\u00f3 kil\u00e1t\u00e1sok!&#8221; Visegr\u00e1di-hegys\u00e9g<br \/><\/strong><a style=\"color: #0f6e0f;\" href=\"https:\/\/piliscsabaite.hu\/index.php\/hu\/turamozgalmak\/98-jo-kilatasok-visegradi-hegyseg\">J\u00f3 kil\u00e1t\u00e1sok hivatalos oldala<\/a><\/span><\/p>\t\t\t\t\t\t\t\t<\/div>\n\t\t\t\t<\/div>\n\t\t<div class=\"elementor-element elementor-element-15e7ffa e-con-full e-flex e-con e-child\" data-id=\"15e7ffa\" data-element_type=\"container\" data-e-type=\"container\" data-settings=\"{&quot;background_background&quot;:&quot;classic&quot;}\">\n\t\t\t\t<div class=\"elementor-element elementor-element-8ef7e18 elementor-widget elementor-widget-heading\" data-id=\"8ef7e18\" data-element_type=\"widget\" data-e-type=\"widget\" data-widget_type=\"heading.default\">\n\t\t\t\t\t<h3 class=\"elementor-heading-title elementor-size-default\">3.  P\u00c1LOS \u00daT - A SZERETET \u00daTJA<\/h3>\t\t\t\t<\/div>\n\t\t\t\t<div class=\"elementor-element elementor-element-c2b9c45 elementor-widget elementor-widget-text-editor\" data-id=\"c2b9c45\" data-element_type=\"widget\" data-e-type=\"widget\" data-widget_type=\"text-editor.default\">\n\t\t\t\t\t\t\t\t\t<p style=\"padding-left: 40px;\"><span style=\"color: #0f6e0f;\"><a style=\"color: #0f6e0f;\" href=\"https:\/\/palosut.hu\/szeretet-utja\/\">P\u00e1los Utak hivatalos honlapja<\/a><\/span><\/p>\t\t\t\t\t\t\t\t<\/div>\n\t\t\t\t<\/div>\n\t\t<div class=\"elementor-element elementor-element-0f23084 e-con-full e-flex e-con e-child\" data-id=\"0f23084\" data-element_type=\"container\" data-e-type=\"container\" data-settings=\"{&quot;background_background&quot;:&quot;classic&quot;}\">\n\t\t\t\t<div class=\"elementor-element elementor-element-45b1f9f elementor-widget elementor-widget-heading\" data-id=\"45b1f9f\" data-element_type=\"widget\" data-e-type=\"widget\" data-widget_type=\"heading.default\">\n\t\t\t\t\t<h3 class=\"elementor-heading-title elementor-size-default\">4.  MAKOVECZ UTAK<\/h3>\t\t\t\t<\/div>\n\t\t\t\t<div class=\"elementor-element elementor-element-542ff50 elementor-widget elementor-widget-text-editor\" data-id=\"542ff50\" data-element_type=\"widget\" data-e-type=\"widget\" data-widget_type=\"text-editor.default\">\n\t\t\t\t\t\t\t\t\t<p style=\"padding-left: 40px;\"><span style=\"color: #0f6e0f;\"><a style=\"color: #0f6e0f;\" href=\"https:\/\/www.makovecz.hu\/regio\/budapest-es-duna-kanyar\/\">Makovecz Utak hivatalos honlapja<\/a><\/span><\/p>\t\t\t\t\t\t\t\t<\/div>\n\t\t\t\t<\/div>\n\t\t<div class=\"elementor-element elementor-element-d00b80e e-con-full e-flex e-con e-child\" data-id=\"d00b80e\" data-element_type=\"container\" data-e-type=\"container\" data-settings=\"{&quot;background_background&quot;:&quot;classic&quot;}\">\n\t\t\t\t<div class=\"elementor-element elementor-element-da56d12 elementor-widget elementor-widget-heading\" data-id=\"da56d12\" data-element_type=\"widget\" data-e-type=\"widget\" data-widget_type=\"heading.default\">\n\t\t\t\t\t<h3 class=\"elementor-heading-title elementor-size-default\">5. HOLL\u00d3K\u0150T\u0150L V\u00d6R\u00d6SK\u0150IG<\/h3>\t\t\t\t<\/div>\n\t\t\t\t<div class=\"elementor-element elementor-element-59802a5 elementor-widget elementor-widget-text-editor\" data-id=\"59802a5\" data-element_type=\"widget\" data-e-type=\"widget\" data-widget_type=\"text-editor.default\">\n\t\t\t\t\t\t\t\t\t<p style=\"padding-left: 40px;\"><span style=\"color: #0f6e0f;\"><a style=\"color: #0f6e0f;\" href=\"http:\/\/www.felanaszalyra.atw.hu\/\">Holl\u00f3k\u0151t\u0151l V\u00f6r\u00f6sk\u0151ig t\u00fara\u00fat hivatalos honlapja<\/a><\/span><\/p>\t\t\t\t\t\t\t\t<\/div>\n\t\t\t\t<\/div>\n\t\t\t\t<\/div>\n\t\t<div class=\"elementor-element elementor-element-64edc989 e-con-full e-flex e-con e-child\" data-id=\"64edc989\" data-element_type=\"container\" data-e-type=\"container\" data-settings=\"{&quot;position&quot;:&quot;fixed&quot;}\">\n\t\t<div class=\"elementor-element elementor-element-43791f39 e-con-full e-flex e-con e-child\" data-id=\"43791f39\" data-element_type=\"container\" data-e-type=\"container\" data-settings=\"{&quot;background_background&quot;:&quot;gradient&quot;}\">\n\t\t\t\t<div class=\"elementor-element elementor-element-8805944 elementor-widget elementor-widget-image\" data-id=\"8805944\" data-element_type=\"widget\" data-e-type=\"widget\" data-widget_type=\"image.default\">\n\t\t\t\t\t\t\t\t\t\t\t\t\t\t\t<img fetchpriority=\"high\" decoding=\"async\" width=\"800\" height=\"534\" src=\"https:\/\/visitvisegrad.hu\/wp-content\/uploads\/2026\/09\/Pilis-Visegradi-hegyseg-1024x683.jpg\" class=\"attachment-large size-large wp-image-6381\" alt=\"Pilis-Visegr\u00e1di-hegys\u00e9g\" srcset=\"https:\/\/visitvisegrad.hu\/wp-content\/uploads\/2026\/09\/Pilis-Visegradi-hegyseg-1024x683.jpg 1024w, https:\/\/visitvisegrad.hu\/wp-content\/uploads\/2026\/09\/Pilis-Visegradi-hegyseg-300x200.jpg 300w, https:\/\/visitvisegrad.hu\/wp-content\/uploads\/2026\/09\/Pilis-Visegradi-hegyseg-768x512.jpg 768w, https:\/\/visitvisegrad.hu\/wp-content\/uploads\/2026\/09\/Pilis-Visegradi-hegyseg-18x12.jpg 18w, https:\/\/visitvisegrad.hu\/wp-content\/uploads\/2026\/09\/Pilis-Visegradi-hegyseg.jpg 1152w\" sizes=\"(max-width: 800px) 100vw, 800px\" \/>\t\t\t\t\t\t\t\t\t\t\t\t\t\t\t<\/div>\n\t\t\t\t<div class=\"elementor-element elementor-element-78ef133c elementor-widget elementor-widget-heading\" data-id=\"78ef133c\" data-element_type=\"widget\" data-e-type=\"widget\" data-widget_type=\"heading.default\">\n\t\t\t\t\t<h2 class=\"elementor-heading-title elementor-size-default\">KIR\u00c1NDUL\u00c1S A PILISBEN<\/h2>\t\t\t\t<\/div>\n\t\t\t\t<div class=\"elementor-element elementor-element-5300503 elementor-widget elementor-widget-heading\" data-id=\"5300503\" data-element_type=\"widget\" data-e-type=\"widget\" data-settings=\"{&quot;motion_fx_motion_fx_scrolling&quot;:&quot;yes&quot;,&quot;motion_fx_devices&quot;:[&quot;desktop&quot;,&quot;tablet&quot;,&quot;mobile&quot;]}\" data-widget_type=\"heading.default\">\n\t\t\t\t\t<h2 class=\"elementor-heading-title elementor-size-default\">Egy \u00e9letre sz\u00f3l\u00f3 \u00e9lm\u00e9ny !<\/h2>\t\t\t\t<\/div>\n\t\t\t\t<\/div>\n\t\t\t\t<\/div>\n\t\t\t\t\t<\/div>\n\t\t\t\t<\/div>\n\t\t\t\t<\/div>\n\t\t<div class=\"elementor-element elementor-element-a34ad34 e-flex e-con-boxed e-con e-parent\" data-id=\"a34ad34\" data-element_type=\"container\" data-e-type=\"container\">\n\t\t\t\t\t<div class=\"e-con-inner\">\n\t\t<div class=\"elementor-element elementor-element-8d0c8c9 e-con-full e-flex e-con e-child\" data-id=\"8d0c8c9\" data-element_type=\"container\" data-e-type=\"container\">\n\t\t\t\t<div class=\"elementor-element elementor-element-a7a8415 elementor-widget elementor-widget-image\" data-id=\"a7a8415\" data-element_type=\"widget\" data-e-type=\"widget\" data-widget_type=\"image.default\">\n\t\t\t\t\t\t\t\t\t\t\t\t\t\t\t<img decoding=\"async\" width=\"800\" height=\"599\" src=\"https:\/\/visitvisegrad.hu\/wp-content\/uploads\/2026\/09\/Dunakanyar_Visegrad_foto-Gabor-Gyula.jpg\" class=\"attachment-large size-large wp-image-6376\" alt=\"Dunakanyar-Visegr\u00e1d-foto: G\u00e1bor Gyula\" srcset=\"https:\/\/visitvisegrad.hu\/wp-content\/uploads\/2026\/09\/Dunakanyar_Visegrad_foto-Gabor-Gyula.jpg 1025w, https:\/\/visitvisegrad.hu\/wp-content\/uploads\/2026\/09\/Dunakanyar_Visegrad_foto-Gabor-Gyula-300x225.jpg 300w, https:\/\/visitvisegrad.hu\/wp-content\/uploads\/2026\/09\/Dunakanyar_Visegrad_foto-Gabor-Gyula-768x575.jpg 768w, https:\/\/visitvisegrad.hu\/wp-content\/uploads\/2026\/09\/Dunakanyar_Visegrad_foto-Gabor-Gyula-16x12.jpg 16w\" sizes=\"(max-width: 800px) 100vw, 800px\" \/>\t\t\t\t\t\t\t\t\t\t\t\t\t\t\t<\/div>\n\t\t\t\t<\/div>\n\t\t<div class=\"elementor-element elementor-element-4a802f4 e-con-full e-flex e-con e-child\" data-id=\"4a802f4\" data-element_type=\"container\" data-e-type=\"container\">\n\t\t\t\t<div class=\"elementor-element elementor-element-70e8557 elementor-widget elementor-widget-image\" data-id=\"70e8557\" data-element_type=\"widget\" data-e-type=\"widget\" data-widget_type=\"image.default\">\n\t\t\t\t\t\t\t\t\t\t\t\t\t\t\t<img decoding=\"async\" width=\"800\" height=\"534\" src=\"https:\/\/visitvisegrad.hu\/wp-content\/uploads\/2026\/09\/Visegradi-erdo-1024x683.jpg\" class=\"attachment-large size-large wp-image-6377\" alt=\"\" srcset=\"https:\/\/visitvisegrad.hu\/wp-content\/uploads\/2026\/09\/Visegradi-erdo-1024x683.jpg 1024w, https:\/\/visitvisegrad.hu\/wp-content\/uploads\/2026\/09\/Visegradi-erdo-300x200.jpg 300w, https:\/\/visitvisegrad.hu\/wp-content\/uploads\/2026\/09\/Visegradi-erdo-768x512.jpg 768w, https:\/\/visitvisegrad.hu\/wp-content\/uploads\/2026\/09\/Visegradi-erdo-18x12.jpg 18w, https:\/\/visitvisegrad.hu\/wp-content\/uploads\/2026\/09\/Visegradi-erdo.jpg 1151w\" sizes=\"(max-width: 800px) 100vw, 800px\" \/>\t\t\t\t\t\t\t\t\t\t\t\t\t\t\t<\/div>\n\t\t\t\t<\/div>\n\t\t\t\t\t<\/div>\n\t\t\t\t<\/div>\n\t\t\t\t<\/div>\n\t\t","protected":false},"excerpt":{"rendered":"<p>Visegr\u00e1don \u00e1thalad\u00f3 T\u00faramozgalmak VISEGR\u00c1DOT \u00c9RINT\u0150 T\u00daRAMOZGALMAK \u00daTVONALAI Visegr\u00e1d \u00e9s k\u00f6rny\u00e9ke a Dunakanyar egyik legkedveltebb t\u00farac\u00e9lpontja. A v\u00e1ros k\u00fcl\u00f6nleges term\u00e9szeti adotts\u00e1gainak, gazdag t\u00f6rt\u00e9nelmi \u00f6r\u00f6ks\u00e9g\u00e9nek \u00e9s a Visegr\u00e1di-hegys\u00e9g v\u00e1ltozatos t\u00e1jainak k\u00f6sz\u00f6nhet\u0151en sz\u00e1mos orsz\u00e1gos \u00e9s helyi t\u00faramozgalom \u00fatvonala halad \u00e1t a telep\u00fcl\u00e9sen vagy \u00e9rinti annak k\u00f6rny\u00e9k\u00e9t. Legyen sz\u00f3 t\u00f6bbnapos orsz\u00e1gj\u00e1r\u00f3 t\u00far\u00e1r\u00f3l, teljes\u00edtm\u00e9nyt\u00far\u00e1r\u00f3l, tematikus \u00fatvonalr\u00f3l, zar\u00e1ndoklatr\u00f3l vagy \u00e9p\u00edt\u00e9szeti felfedez\u0151\u00fatr\u00f3l,&#8230;<\/p>","protected":false},"author":7,"featured_media":0,"parent":0,"menu_order":0,"comment_status":"closed","ping_status":"closed","template":"","meta":{"footnotes":""},"class_list":["post-6364","page","type-page","status-publish","hentry"],"yoast_head":"<!-- This site is optimized with the Yoast SEO plugin v27.7 - https:\/\/yoast.com\/product\/yoast-seo-wordpress\/ -->\n<title>Visegr\u00e1don \u00e1thalad\u00f3 T\u00faramozgalmak \u00fatvonalai - Visit Visegr\u00e1d - Fedezd fel Visegr\u00e1d kincseit!<\/title>\n<meta name=\"description\" content=\"Fedezd fel a Visegr\u00e1dot \u00e9rint\u0151 t\u00faramozgalmak \u00e9s jelv\u00e9nyszerz\u0151 t\u00far\u00e1k \u00fatvonalait! Tal\u00e1ld meg a Visegr\u00e1d k\u00f6rny\u00e9ki t\u00fara\u00fatvonalakat, \u00e9s indulj \u00fatnak.\" \/>\n<meta name=\"robots\" content=\"index, follow, max-snippet:-1, max-image-preview:large, max-video-preview:-1\" \/>\n<link rel=\"canonical\" href=\"https:\/\/visitvisegrad.hu\/sk\/visegradon-athalado-turamozgalmak\/\" \/>\n<meta property=\"og:locale\" content=\"sk_SK\" \/>\n<meta property=\"og:type\" content=\"article\" \/>\n<meta property=\"og:title\" content=\"Visegr\u00e1don \u00e1thalad\u00f3 T\u00faramozgalmak \u00fatvonalai - Visit Visegr\u00e1d - Fedezd fel Visegr\u00e1d kincseit!\" \/>\n<meta property=\"og:description\" content=\"Fedezd fel a Visegr\u00e1dot \u00e9rint\u0151 t\u00faramozgalmak \u00e9s jelv\u00e9nyszerz\u0151 t\u00far\u00e1k \u00fatvonalait! Tal\u00e1ld meg a Visegr\u00e1d k\u00f6rny\u00e9ki t\u00fara\u00fatvonalakat, \u00e9s indulj \u00fatnak.\" \/>\n<meta property=\"og:url\" content=\"https:\/\/visitvisegrad.hu\/sk\/visegradon-athalado-turamozgalmak\/\" \/>\n<meta property=\"og:site_name\" content=\"Visit Visegr\u00e1d - Fedezd fel Visegr\u00e1d kincseit!\" \/>\n<meta property=\"article:modified_time\" content=\"2026-09-02T10:05:05+00:00\" \/>\n<meta property=\"og:image\" content=\"https:\/\/visitvisegrad.hu\/wp-content\/uploads\/2026\/09\/Pilis-Visegradi-hegyseg.jpg\" \/>\n\t<meta property=\"og:image:width\" content=\"1152\" \/>\n\t<meta property=\"og:image:height\" content=\"768\" \/>\n\t<meta property=\"og:image:type\" content=\"image\/jpeg\" \/>\n<meta name=\"twitter:card\" content=\"summary_large_image\" \/>\n<meta name=\"twitter:label1\" content=\"Predpokladan\u00fd \u010das \u010d\u00edtania\" \/>\n\t<meta name=\"twitter:data1\" content=\"1 min\u00fata\" \/>\n<script type=\"application\/ld+json\" class=\"yoast-schema-graph\">{\"@context\":\"https:\\\/\\\/schema.org\",\"@graph\":[{\"@type\":\"WebPage\",\"@id\":\"https:\\\/\\\/visitvisegrad.hu\\\/visegradon-athalado-turamozgalmak\\\/\",\"url\":\"https:\\\/\\\/visitvisegrad.hu\\\/visegradon-athalado-turamozgalmak\\\/\",\"name\":\"Visegr\u00e1don \u00e1thalad\u00f3 T\u00faramozgalmak \u00fatvonalai - Visit Visegr\u00e1d - Fedezd fel Visegr\u00e1d kincseit!\",\"isPartOf\":{\"@id\":\"https:\\\/\\\/visitvisegrad.hu\\\/#website\"},\"primaryImageOfPage\":{\"@id\":\"https:\\\/\\\/visitvisegrad.hu\\\/visegradon-athalado-turamozgalmak\\\/#primaryimage\"},\"image\":{\"@id\":\"https:\\\/\\\/visitvisegrad.hu\\\/visegradon-athalado-turamozgalmak\\\/#primaryimage\"},\"thumbnailUrl\":\"https:\\\/\\\/visitvisegrad.hu\\\/wp-content\\\/uploads\\\/2026\\\/09\\\/Pilis-Visegradi-hegyseg-1024x683.jpg\",\"datePublished\":\"2026-09-02T08:50:02+00:00\",\"dateModified\":\"2026-09-02T10:05:05+00:00\",\"description\":\"Fedezd fel a Visegr\u00e1dot \u00e9rint\u0151 t\u00faramozgalmak \u00e9s jelv\u00e9nyszerz\u0151 t\u00far\u00e1k \u00fatvonalait! Tal\u00e1ld meg a Visegr\u00e1d k\u00f6rny\u00e9ki t\u00fara\u00fatvonalakat, \u00e9s indulj \u00fatnak.\",\"breadcrumb\":{\"@id\":\"https:\\\/\\\/visitvisegrad.hu\\\/visegradon-athalado-turamozgalmak\\\/#breadcrumb\"},\"inLanguage\":\"sk-SK\",\"potentialAction\":[{\"@type\":\"ReadAction\",\"target\":[\"https:\\\/\\\/visitvisegrad.hu\\\/visegradon-athalado-turamozgalmak\\\/\"]}]},{\"@type\":\"ImageObject\",\"inLanguage\":\"sk-SK\",\"@id\":\"https:\\\/\\\/visitvisegrad.hu\\\/visegradon-athalado-turamozgalmak\\\/#primaryimage\",\"url\":\"https:\\\/\\\/visitvisegrad.hu\\\/wp-content\\\/uploads\\\/2026\\\/09\\\/Pilis-Visegradi-hegyseg-1024x683.jpg\",\"contentUrl\":\"https:\\\/\\\/visitvisegrad.hu\\\/wp-content\\\/uploads\\\/2026\\\/09\\\/Pilis-Visegradi-hegyseg-1024x683.jpg\"},{\"@type\":\"BreadcrumbList\",\"@id\":\"https:\\\/\\\/visitvisegrad.hu\\\/visegradon-athalado-turamozgalmak\\\/#breadcrumb\",\"itemListElement\":[{\"@type\":\"ListItem\",\"position\":1,\"name\":\"Home\",\"item\":\"https:\\\/\\\/visitvisegrad.hu\\\/\"},{\"@type\":\"ListItem\",\"position\":2,\"name\":\"Visegr\u00e1don \u00e1thalad\u00f3 T\u00faramozgalmak \u00fatvonalai\"}]},{\"@type\":\"WebSite\",\"@id\":\"https:\\\/\\\/visitvisegrad.hu\\\/#website\",\"url\":\"https:\\\/\\\/visitvisegrad.hu\\\/\",\"name\":\"Visit Visegr\u00e1d\",\"description\":\"Programok, l\u00e1tnival\u00f3k, \u00e9ttermek, sz\u00e1ll\u00e1s. Visegr\u00e1d t\u00f6k\u00e9letes \u00fati c\u00e9l, ha t\u00f6rt\u00e9nelmi felfedez\u00e9sre, akt\u00edv kikapcsol\u00f3d\u00e1sra vagy nyugodt felt\u00f6lt\u0151d\u00e9sre v\u00e1gysz.\",\"publisher\":{\"@id\":\"https:\\\/\\\/visitvisegrad.hu\\\/#organization\"},\"potentialAction\":[{\"@type\":\"SearchAction\",\"target\":{\"@type\":\"EntryPoint\",\"urlTemplate\":\"https:\\\/\\\/visitvisegrad.hu\\\/?s={search_term_string}\"},\"query-input\":{\"@type\":\"PropertyValueSpecification\",\"valueRequired\":true,\"valueName\":\"search_term_string\"}}],\"inLanguage\":\"sk-SK\"},{\"@type\":\"Organization\",\"@id\":\"https:\\\/\\\/visitvisegrad.hu\\\/#organization\",\"name\":\"Visit Visegr\u00e1d\",\"url\":\"https:\\\/\\\/visitvisegrad.hu\\\/\",\"logo\":{\"@type\":\"ImageObject\",\"inLanguage\":\"sk-SK\",\"@id\":\"https:\\\/\\\/visitvisegrad.hu\\\/#\\\/schema\\\/logo\\\/image\\\/\",\"url\":\"https:\\\/\\\/visitvisegrad.hu\\\/wp-content\\\/uploads\\\/2026\\\/02\\\/Visit_visegrad_logo_1.png\",\"contentUrl\":\"https:\\\/\\\/visitvisegrad.hu\\\/wp-content\\\/uploads\\\/2026\\\/02\\\/Visit_visegrad_logo_1.png\",\"width\":589,\"height\":200,\"caption\":\"Visit Visegr\u00e1d\"},\"image\":{\"@id\":\"https:\\\/\\\/visitvisegrad.hu\\\/#\\\/schema\\\/logo\\\/image\\\/\"}}]}<\/script>\n<!-- \/ Yoast SEO plugin. -->","yoast_head_json":{"title":"Visegr\u00e1don \u00e1thalad\u00f3 T\u00faramozgalmak \u00fatvonalai - Visit Visegr\u00e1d - Fedezd fel Visegr\u00e1d kincseit!","description":"Fedezd fel a Visegr\u00e1dot \u00e9rint\u0151 t\u00faramozgalmak \u00e9s jelv\u00e9nyszerz\u0151 t\u00far\u00e1k \u00fatvonalait! Tal\u00e1ld meg a Visegr\u00e1d k\u00f6rny\u00e9ki t\u00fara\u00fatvonalakat, \u00e9s indulj \u00fatnak.","robots":{"index":"index","follow":"follow","max-snippet":"max-snippet:-1","max-image-preview":"max-image-preview:large","max-video-preview":"max-video-preview:-1"},"canonical":"https:\/\/visitvisegrad.hu\/sk\/visegradon-athalado-turamozgalmak\/","og_locale":"sk_SK","og_type":"article","og_title":"Visegr\u00e1don \u00e1thalad\u00f3 T\u00faramozgalmak \u00fatvonalai - Visit Visegr\u00e1d - Fedezd fel Visegr\u00e1d kincseit!","og_description":"Fedezd fel a Visegr\u00e1dot \u00e9rint\u0151 t\u00faramozgalmak \u00e9s jelv\u00e9nyszerz\u0151 t\u00far\u00e1k \u00fatvonalait! Tal\u00e1ld meg a Visegr\u00e1d k\u00f6rny\u00e9ki t\u00fara\u00fatvonalakat, \u00e9s indulj \u00fatnak.","og_url":"https:\/\/visitvisegrad.hu\/sk\/visegradon-athalado-turamozgalmak\/","og_site_name":"Visit Visegr\u00e1d - Fedezd fel Visegr\u00e1d kincseit!","article_modified_time":"2026-09-02T10:05:05+00:00","og_image":[{"width":1152,"height":768,"url":"https:\/\/visitvisegrad.hu\/wp-content\/uploads\/2026\/09\/Pilis-Visegradi-hegyseg.jpg","type":"image\/jpeg"}],"twitter_card":"summary_large_image","twitter_misc":{"Predpokladan\u00fd \u010das \u010d\u00edtania":"1 min\u00fata"},"schema":{"@context":"https:\/\/schema.org","@graph":[{"@type":"WebPage","@id":"https:\/\/visitvisegrad.hu\/visegradon-athalado-turamozgalmak\/","url":"https:\/\/visitvisegrad.hu\/visegradon-athalado-turamozgalmak\/","name":"Visegr\u00e1don \u00e1thalad\u00f3 T\u00faramozgalmak \u00fatvonalai - Visit Visegr\u00e1d - Fedezd fel Visegr\u00e1d kincseit!","isPartOf":{"@id":"https:\/\/visitvisegrad.hu\/#website"},"primaryImageOfPage":{"@id":"https:\/\/visitvisegrad.hu\/visegradon-athalado-turamozgalmak\/#primaryimage"},"image":{"@id":"https:\/\/visitvisegrad.hu\/visegradon-athalado-turamozgalmak\/#primaryimage"},"thumbnailUrl":"https:\/\/visitvisegrad.hu\/wp-content\/uploads\/2026\/09\/Pilis-Visegradi-hegyseg-1024x683.jpg","datePublished":"2026-09-02T08:50:02+00:00","dateModified":"2026-09-02T10:05:05+00:00","description":"Fedezd fel a Visegr\u00e1dot \u00e9rint\u0151 t\u00faramozgalmak \u00e9s jelv\u00e9nyszerz\u0151 t\u00far\u00e1k \u00fatvonalait! Tal\u00e1ld meg a Visegr\u00e1d k\u00f6rny\u00e9ki t\u00fara\u00fatvonalakat, \u00e9s indulj \u00fatnak.","breadcrumb":{"@id":"https:\/\/visitvisegrad.hu\/visegradon-athalado-turamozgalmak\/#breadcrumb"},"inLanguage":"sk-SK","potentialAction":[{"@type":"ReadAction","target":["https:\/\/visitvisegrad.hu\/visegradon-athalado-turamozgalmak\/"]}]},{"@type":"ImageObject","inLanguage":"sk-SK","@id":"https:\/\/visitvisegrad.hu\/visegradon-athalado-turamozgalmak\/#primaryimage","url":"https:\/\/visitvisegrad.hu\/wp-content\/uploads\/2026\/09\/Pilis-Visegradi-hegyseg-1024x683.jpg","contentUrl":"https:\/\/visitvisegrad.hu\/wp-content\/uploads\/2026\/09\/Pilis-Visegradi-hegyseg-1024x683.jpg"},{"@type":"BreadcrumbList","@id":"https:\/\/visitvisegrad.hu\/visegradon-athalado-turamozgalmak\/#breadcrumb","itemListElement":[{"@type":"ListItem","position":1,"name":"Home","item":"https:\/\/visitvisegrad.hu\/"},{"@type":"ListItem","position":2,"name":"Visegr\u00e1don \u00e1thalad\u00f3 T\u00faramozgalmak \u00fatvonalai"}]},{"@type":"WebSite","@id":"https:\/\/visitvisegrad.hu\/#website","url":"https:\/\/visitvisegrad.hu\/","name":"Nav\u0161t\u00edvte Visegr\u00e1d","description":"Programy, pamiatky, re\u0161taur\u00e1cie, ubytovanie. Visegr\u00e1d je ide\u00e1lnou destin\u00e1ciou, \u010di u\u017e t\u00fa\u017ei\u0161 po objavovan\u00ed hist\u00f3rie, akt\u00edvnom oddychu alebo pokojnom na\u010derpan\u00ed nov\u00fdch s\u00edl.","publisher":{"@id":"https:\/\/visitvisegrad.hu\/#organization"},"potentialAction":[{"@type":"SearchAction","target":{"@type":"EntryPoint","urlTemplate":"https:\/\/visitvisegrad.hu\/?s={search_term_string}"},"query-input":{"@type":"PropertyValueSpecification","valueRequired":true,"valueName":"search_term_string"}}],"inLanguage":"sk-SK"},{"@type":"Organization","@id":"https:\/\/visitvisegrad.hu\/#organization","name":"Nav\u0161t\u00edvte Visegr\u00e1d","url":"https:\/\/visitvisegrad.hu\/","logo":{"@type":"ImageObject","inLanguage":"sk-SK","@id":"https:\/\/visitvisegrad.hu\/#\/schema\/logo\/image\/","url":"https:\/\/visitvisegrad.hu\/wp-content\/uploads\/2026\/02\/Visit_visegrad_logo_1.png","contentUrl":"https:\/\/visitvisegrad.hu\/wp-content\/uploads\/2026\/02\/Visit_visegrad_logo_1.png","width":589,"height":200,"caption":"Visit Visegr\u00e1d"},"image":{"@id":"https:\/\/visitvisegrad.hu\/#\/schema\/logo\/image\/"}}]}},"_links":{"self":[{"href":"https:\/\/visitvisegrad.hu\/sk\/wp-json\/wp\/v2\/pages\/6364","targetHints":{"allow":["GET"]}}],"collection":[{"href":"https:\/\/visitvisegrad.hu\/sk\/wp-json\/wp\/v2\/pages"}],"about":[{"href":"https:\/\/visitvisegrad.hu\/sk\/wp-json\/wp\/v2\/types\/page"}],"author":[{"embeddable":true,"href":"https:\/\/visitvisegrad.hu\/sk\/wp-json\/wp\/v2\/users\/7"}],"replies":[{"embeddable":true,"href":"https:\/\/visitvisegrad.hu\/sk\/wp-json\/wp\/v2\/comments?post=6364"}],"version-history":[{"count":30,"href":"https:\/\/visitvisegrad.hu\/sk\/wp-json\/wp\/v2\/pages\/6364\/revisions"}],"predecessor-version":[{"id":6401,"href":"https:\/\/visitvisegrad.hu\/sk\/wp-json\/wp\/v2\/pages\/6364\/revisions\/6401"}],"wp:attachment":[{"href":"https:\/\/visitvisegrad.hu\/sk\/wp-json\/wp\/v2\/media?parent=6364"}],"curies":[{"name":"wp","href":"https:\/\/api.w.org\/{rel}","templated":true}]}}